{"id":7313,"date":"2023-07-25T08:47:09","date_gmt":"2023-07-25T08:47:09","guid":{"rendered":"https:\/\/turismo-sj.developersasapglobalsolution.com\/finca-capucho\/"},"modified":"2023-09-18T12:12:53","modified_gmt":"2023-09-18T12:12:53","slug":"finca-capucho","status":"publish","type":"page","link":"https:\/\/turismosantjoan.es\/ca\/finca-capucho\/","title":{"rendered":"Finca Capucho"},"content":{"rendered":"\t\t<div data-elementor-type=\"wp-page\" data-elementor-id=\"7313\" class=\"elementor elementor-7313 elementor-3376\" data-elementor-post-type=\"page\">\n\t\t\t\t\t\t<section class=\"elementor-section elementor-top-section elementor-element elementor-element-4a70a0e4 elementor-section-boxed elementor-section-height-default elementor-section-height-default\" data-id=\"4a70a0e4\" data-element_type=\"section\" data-e-type=\"section\" data-settings=\"{&quot;shape_divider_top&quot;:&quot;mountains&quot;,&quot;background_background&quot;:&quot;classic&quot;}\">\n\t\t\t\t\t<div class=\"elementor-shape elementor-shape-top\" aria-hidden=\"true\" data-negative=\"false\">\n\t\t\t<svg xmlns=\"http:\/\/www.w3.org\/2000\/svg\" viewBox=\"0 0 1000 100\" preserveAspectRatio=\"none\">\n\t<path class=\"elementor-shape-fill\" opacity=\"0.33\" d=\"M473,67.3c-203.9,88.3-263.1-34-320.3,0C66,119.1,0,59.7,0,59.7V0h1000v59.7 c0,0-62.1,26.1-94.9,29.3c-32.8,3.3-62.8-12.3-75.8-22.1C806,49.6,745.3,8.7,694.9,4.7S492.4,59,473,67.3z\"\/>\n\t<path class=\"elementor-shape-fill\" opacity=\"0.66\" d=\"M734,67.3c-45.5,0-77.2-23.2-129.1-39.1c-28.6-8.7-150.3-10.1-254,39.1 s-91.7-34.4-149.2,0C115.7,118.3,0,39.8,0,39.8V0h1000v36.5c0,0-28.2-18.5-92.1-18.5C810.2,18.1,775.7,67.3,734,67.3z\"\/>\n\t<path class=\"elementor-shape-fill\" d=\"M766.1,28.9c-200-57.5-266,65.5-395.1,19.5C242,1.8,242,5.4,184.8,20.6C128,35.8,132.3,44.9,89.9,52.5C28.6,63.7,0,0,0,0 h1000c0,0-9.9,40.9-83.6,48.1S829.6,47,766.1,28.9z\"\/>\n<\/svg>\t\t<\/div>\n\t\t\t\t\t<div class=\"elementor-container elementor-column-gap-no\">\n\t\t\t\t\t<div class=\"elementor-column elementor-col-100 elementor-top-column elementor-element elementor-element-1fae2ad0\" data-id=\"1fae2ad0\" data-element_type=\"column\" data-e-type=\"column\">\n\t\t\t<div class=\"elementor-widget-wrap elementor-element-populated\">\n\t\t\t\t\t\t<div class=\"elementor-element elementor-element-7dce040c elementor-widget elementor-widget-heading\" data-id=\"7dce040c\" data-element_type=\"widget\" data-e-type=\"widget\" data-widget_type=\"heading.default\">\n\t\t\t\t<div class=\"elementor-widget-container\">\n\t\t\t\t\t<h1 class=\"elementor-heading-title elementor-size-xxl\">Finca Capucho<\/h1>\t\t\t\t<\/div>\n\t\t\t\t<\/div>\n\t\t\t\t\t<\/div>\n\t\t<\/div>\n\t\t\t\t\t<\/div>\n\t\t<\/section>\n\t\t\t\t<section class=\"elementor-section elementor-top-section elementor-element elementor-element-283c514e elementor-section-boxed elementor-section-height-default elementor-section-height-default\" data-id=\"283c514e\" data-element_type=\"section\" data-e-type=\"section\">\n\t\t\t\t\t\t<div class=\"elementor-container elementor-column-gap-default\">\n\t\t\t\t\t<div class=\"elementor-column elementor-col-100 elementor-top-column elementor-element elementor-element-6ec79b14\" data-id=\"6ec79b14\" data-element_type=\"column\" data-e-type=\"column\">\n\t\t\t<div class=\"elementor-widget-wrap elementor-element-populated\">\n\t\t\t\t\t\t<div class=\"elementor-element elementor-element-66b21948 elementor-widget elementor-widget-google_maps\" data-id=\"66b21948\" data-element_type=\"widget\" data-e-type=\"widget\" data-widget_type=\"google_maps.default\">\n\t\t\t\t<div class=\"elementor-widget-container\">\n\t\t\t\t\t\t\t<div class=\"elementor-custom-embed\">\n\t\t\t<iframe loading=\"lazy\"\n\t\t\t\t\tsrc=\"https:\/\/maps.google.com\/maps?q=C.%20Menorca%2C%2015%2C%2003550%20San%20Juan%20de%20Alicante%2C%20Alicante&#038;t=m&#038;z=15&#038;output=embed&#038;iwloc=near\"\n\t\t\t\t\ttitle=\"C. Menorca, 15, 03550 San Juan de Alicante, Alicante\"\n\t\t\t\t\taria-label=\"C. Menorca, 15, 03550 San Juan de Alicante, Alicante\"\n\t\t\t><\/iframe>\n\t\t<\/div>\n\t\t\t\t\t\t<\/div>\n\t\t\t\t<\/div>\n\t\t\t\t\t<\/div>\n\t\t<\/div>\n\t\t\t\t\t<\/div>\n\t\t<\/section>\n\t\t\t\t<section class=\"elementor-section elementor-top-section elementor-element elementor-element-32424ac0 elementor-section-boxed elementor-section-height-default elementor-section-height-default\" data-id=\"32424ac0\" data-element_type=\"section\" data-e-type=\"section\">\n\t\t\t\t\t\t<div class=\"elementor-container elementor-column-gap-default\">\n\t\t\t\t\t<div class=\"elementor-column elementor-col-100 elementor-top-column elementor-element elementor-element-563b29e8\" data-id=\"563b29e8\" data-element_type=\"column\" data-e-type=\"column\">\n\t\t\t<div class=\"elementor-widget-wrap elementor-element-populated\">\n\t\t\t\t\t\t<div class=\"elementor-element elementor-element-64aba362 elementor-widget elementor-widget-text-editor\" data-id=\"64aba362\" data-element_type=\"widget\" data-e-type=\"widget\" data-widget_type=\"text-editor.default\">\n\t\t\t\t<div class=\"elementor-widget-container\">\n\t\t\t\t\t\t\t\t\t<div class=\"wpb_text_column wpb_content_element \"><div class=\"wpb_wrapper\"><p align=\"JUSTIFY\">Situada en la partida de Fabraquer, al costat del cam\u00ed Reial de la Vila Joiosa. Es t\u00e9 const\u00e0ncia que la <a href=\"http:\/\/www.academia.edu\/17595632\/Un_paseo_por_la_arquitectura_residencial_del_siglo_XIX_de_Alicante\">finca Capucho<\/a> existia ja en el segle XVII, per\u00f2 podia haver sigut constru\u00efda anteriorment. Des de llavors ha sigut la residencia hortolana dels senyors <strong>Barons de Finestrat<\/strong>. Els vins i sedes collits en aquesta finca van tindre tal fama que van ser exposats com a articles dignes alacantins en la <strong><a href=\"http:\/\/rua.ua.es\/dspace\/handle\/10045\/9896\">Gran Exposici\u00f3 de Londres de 1851<\/a><\/strong>,on van ser seleccionats diferents tipus de vi i sedes, productes de les finques del<strong> <\/strong>Cinqu\u00e9 Bar\u00f3 de Finestrat.<\/p><p align=\"JUSTIFY\">El llinatge dels Barons de Finestrat es vincula a Finca Capucho des dels seus or\u00edgens. El <strong>Primer Bar\u00f3 de Finestrat, Sr. Jacinto Forner i Bernab\u00e9u<\/strong> juntament amb la seua esposa <strong>Sra. Jacinta Talayero i Torres<\/strong> van celebrar en l&#8217;oratori de la finca les noces de la seua filla la <strong>II Baronessa de Finestrat, Sra. Josefa Jorner i Talayero (1661-1718)<\/strong> qui va contraure ac\u00ed matrimoni amb el prestigi\u00f3s jurat d&#8217;Alacant, <a href=\"http:\/\/www.abcgenealogia.com\/PasqualPobil00.html\"><strong>Sr. Jos\u00e9 Pascual del Pobil i Gisbert<\/strong><\/a>, c\u00e8lebre pel seu defensa de la ciutat d&#8217;Alacant, des del baluard de Sant Carles, durant el bombardeig per mar de l&#8217;Armada francesa en 1691. Des d&#8217;aquell enlla\u00e7 la fertilitat de la fam\u00edlia ha sigut la t\u00f2nica dominant, ja que els senyors Barons de Finestrat van tindre com a m\u00ednim 10 fills per cada generaci\u00f3, almenys fins a mitjan segle XIX.<\/p><p align=\"JUSTIFY\">Durant la primera meitat del segle XVIII la finca Capucho va ser propietat de l&#8217;alacant\u00ed <strong>V Bar\u00f3 de Finestrat, Sr. Jos\u00e9 Mar\u00eda Pascual del Pobil i Guzm\u00e1n (1777-1864).<\/strong> En 1816 va contraure matrimoni en l&#8217;oratori de Capucho amb la valenciana <strong>Sra. Esperanza Estell\u00e9s i Cervera<\/strong>, amb qui va tindre catorze fills. Una de les seues filles, <strong>Sra. Concepci\u00f3n Pascual de Pobil Estell\u00e9<\/strong>s, la tretzena que acabaria residint en la finca que li va donar el seu nom, <a href=\"https:\/\/www.turismosantjoan.es\/?page_id=99995417\">finca La Concepci\u00f3<\/a>, situada en la zona urbana de Sant Joan d&#8217;Alacant.<\/p><\/div><\/div>\t\t\t\t\t\t\t\t<\/div>\n\t\t\t\t<\/div>\n\t\t\t\t<div class=\"elementor-element elementor-element-fcbfa33 elementor-widget elementor-widget-image\" data-id=\"fcbfa33\" data-element_type=\"widget\" data-e-type=\"widget\" data-widget_type=\"image.default\">\n\t\t\t\t<div class=\"elementor-widget-container\">\n\t\t\t\t\t\t\t\t\t\t\t\t\t\t\t<img fetchpriority=\"high\" decoding=\"async\" width=\"768\" height=\"461\" src=\"https:\/\/turismosantjoan.es\/wp-content\/uploads\/2023\/07\/finca-capucho-exposicion-universal-1851orig-768x461.jpeg\" class=\"attachment-medium_large size-medium_large wp-image-3382\" alt=\"\" srcset=\"https:\/\/turismosantjoan.es\/wp-content\/uploads\/2023\/07\/finca-capucho-exposicion-universal-1851orig-768x461.jpeg 768w, https:\/\/turismosantjoan.es\/wp-content\/uploads\/2023\/07\/finca-capucho-exposicion-universal-1851orig-300x180.jpeg 300w, https:\/\/turismosantjoan.es\/wp-content\/uploads\/2023\/07\/finca-capucho-exposicion-universal-1851orig-1024x615.jpeg 1024w, https:\/\/turismosantjoan.es\/wp-content\/uploads\/2023\/07\/finca-capucho-exposicion-universal-1851orig.jpeg 1100w\" sizes=\"(max-width: 768px) 100vw, 768px\" \/>\t\t\t\t\t\t\t\t\t\t\t\t\t\t\t<\/div>\n\t\t\t\t<\/div>\n\t\t\t\t<div class=\"elementor-element elementor-element-91a4470 elementor-widget elementor-widget-text-editor\" data-id=\"91a4470\" data-element_type=\"widget\" data-e-type=\"widget\" data-widget_type=\"text-editor.default\">\n\t\t\t\t<div class=\"elementor-widget-container\">\n\t\t\t\t\t\t\t\t\t<p>Exposici\u00f3 Universal a Londres on es van exposar productes d&#8217;Alacant. 1851<\/p>\t\t\t\t\t\t\t\t<\/div>\n\t\t\t\t<\/div>\n\t\t\t\t<div class=\"elementor-element elementor-element-751f220 elementor-widget elementor-widget-text-editor\" data-id=\"751f220\" data-element_type=\"widget\" data-e-type=\"widget\" data-widget_type=\"text-editor.default\">\n\t\t\t\t<div class=\"elementor-widget-container\">\n\t\t\t\t\t\t\t\t\t<div class=\"wpb_text_column wpb_content_element \"><div class=\"wpb_wrapper\"><p align=\"JUSTIFY\">La <a href=\"https:\/\/dialnet.unirioja.es\/servlet\/autor?codigo=98946\">finca Capucho<\/a> est\u00e0 composta per diverses construccions que s&#8217;han anat adossant a la principal a m\u00e9s d&#8217;altres edificacions repartides per la finca. \u00c9s possible recon\u00e9ixer encara l&#8217;edificaci\u00f3 m\u00e9s antiga amb caracter\u00edstiques del segle XVIII, com les cobertes inclinades de dos aiguavessos i els r\u00e0fecs amb sortints pronunciats, tapajuntes de fusta retallada i teula plana. En la planta baixa existeix un passatge que comunica l&#8217;interior d&#8217;aquesta edificaci\u00f3 amb el pati, permetent independitzar els treballs agr\u00edcoles dels dom\u00e8stics. Les fa\u00e7anes en ocres s\u00f3n el resultat de diferents transformacions al llarg de les cent\u00faries. La finca original va ser dividida en dues parts, una es troba habitada i en bon estat, mentre que l&#8217;altra est\u00e0 abandonada i molt deteriorada.0 L&#8217;oratori o capella no es conserva.<\/p><p align=\"JUSTIFY\">En la planta noble se situen les estades destinades a la vida social, mentre que en el pis superior, trobem les habitacions destinades a la vida privada. Al llarg de les \u00faltimes d\u00e8cades del segle XX, l&#8217;estructura d&#8217;aquesta finca s&#8217;ha anat modificant per a albergar diferents habitatges unifamiliars, en una de les quals va residir el c\u00e8lebre arquitecte del segle XX, <a href=\"http:\/\/www.via-arquitectura.net\/04_prem\/04p-144.htm\"><strong>Sr. Juan Guardiola Gaya<\/strong><\/a>. \u00abEncara que catal\u00e0 d&#8217;origen, de formaci\u00f3 acad\u00e8mica i de car\u00e0cter, quasi tota la seua obra professional es desenvolupa a la prov\u00edncia d&#8217;Alacant ja que, des que arribara a aquesta ciutat (1959) va exercir ininterrompudament la seua professi\u00f3 des dels seus estudis del carrer San Francisco, del carrer Girona a Alacant i de la seua finca *Capucho a Sant Joan d&#8217;Alacant\u00bb. Sr. Juan Guardiola va rehabilitar les cavallerisses i altres depend\u00e8ncies de magatzematge. Sobre les pr\u00f2pies cavallerisses, mantenint part i construint una altura nova, Guardiola va construir la seua casa-estudie en la que va viure fins a la seua mort a l&#8217;octubre de 2005. A Juan l&#8217;apassionaven els jardins i les esp\u00e8cies ex\u00f2tiques amb les quals va rehabilitar els de Capucho, per la qual cosa va aconseguir que la vegetaci\u00f3 acollira, atrapara i amagara els diferents cossos edificats.<\/p><p align=\"JUSTIFY\">El jard\u00ed de Capucho sempre ha sigut un dels m\u00e9s famosos de l&#8217;antiguitat, travessat per dues sendes en forma de creu, amb un estany en el centre i diverses zones vegetals de gran inter\u00e9s. En l&#8217;actualitat conserva una infinitat d&#8217;exemplars protegits d&#8217;esp\u00e8cies com la surera, el xiprer, li alzina, le ficus, li om, el pi, el roure, la iuca, el lledoner i un llarg etc. Antigament va existir <em>unfoille<\/em> o xicoteta construcci\u00f3 que es destinava al delit dels usuaris del jard\u00ed.<\/p><\/div><\/div>\t\t\t\t\t\t\t\t<\/div>\n\t\t\t\t<\/div>\n\t\t\t\t<div class=\"elementor-element elementor-element-595e3d5 elementor-widget elementor-widget-image\" data-id=\"595e3d5\" data-element_type=\"widget\" data-e-type=\"widget\" data-widget_type=\"image.default\">\n\t\t\t\t<div class=\"elementor-widget-container\">\n\t\t\t\t\t\t\t\t\t\t\t\t\t\t\t<img decoding=\"async\" width=\"768\" height=\"531\" src=\"https:\/\/turismosantjoan.es\/wp-content\/uploads\/2023\/07\/finca-capucho-follie-768x531.jpg\" class=\"attachment-medium_large size-medium_large wp-image-3385\" alt=\"\" srcset=\"https:\/\/turismosantjoan.es\/wp-content\/uploads\/2023\/07\/finca-capucho-follie-768x531.jpg 768w, https:\/\/turismosantjoan.es\/wp-content\/uploads\/2023\/07\/finca-capucho-follie-300x208.jpg 300w, https:\/\/turismosantjoan.es\/wp-content\/uploads\/2023\/07\/finca-capucho-follie-1024x708.jpg 1024w, https:\/\/turismosantjoan.es\/wp-content\/uploads\/2023\/07\/finca-capucho-follie.jpg 1350w\" sizes=\"(max-width: 768px) 100vw, 768px\" \/>\t\t\t\t\t\t\t\t\t\t\t\t\t\t\t<\/div>\n\t\t\t\t<\/div>\n\t\t\t\t<div class=\"elementor-element elementor-element-12e97cb elementor-widget elementor-widget-text-editor\" data-id=\"12e97cb\" data-element_type=\"widget\" data-e-type=\"widget\" data-widget_type=\"text-editor.default\">\n\t\t\t\t<div class=\"elementor-widget-container\">\n\t\t\t\t\t\t\t\t\t<p>Follie de la Finca Capucho, no conservada en l&#8217;actualitat (Sant Joan d&#8217;Alacant)<\/p>\t\t\t\t\t\t\t\t<\/div>\n\t\t\t\t<\/div>\n\t\t\t\t<div class=\"elementor-element elementor-element-2de5525 elementor-widget elementor-widget-text-editor\" data-id=\"2de5525\" data-element_type=\"widget\" data-e-type=\"widget\" data-widget_type=\"text-editor.default\">\n\t\t\t\t<div class=\"elementor-widget-container\">\n\t\t\t\t\t\t\t\t\t<div class=\"wpb_text_column wpb_content_element \"><div class=\"wpb_wrapper\"><div class=\"wpb_text_column wpb_content_element \"><div class=\"wpb_wrapper\"><p align=\"JUSTIFY\">La finca bufona amb el corriol de Benimagrell, conformant un dels quatre camins que dona nom al m\u00edtic enclavament. Aquesta zona \u00e9s una de les poques de Fabraquer que encara conserva camps de cultiu. Per\u00f2 el major per\u00edode de bonan\u00e7a de l&#8217;agricultura alacantina va ser a mitjan segle XIX, quan el cultiu de la vinya es trobava en plena expansi\u00f3. En aquella \u00e8poca, propietaris de grans extensions de l&#8217;Horta, com els de la finca Capucho, \u00abvan ampliar la superf\u00edcie agr\u00e0ria dedicada al cultiu de la vinya\u00bb<em>&#8230;<\/em><a href=\"http:\/\/rua.ua.es\/dspace\/handle\/10045\/9896\">que distribu\u00efen<\/a><em>\u00ab<\/em>\u2026en els mercats anglesos i francesos el vi fondill\u00f3n d&#8217;Alacant, el ra\u00efm de Xixona o la pansa de D\u00e9nia\u00bb.<\/p><p align=\"JUSTIFY\">La qualitat del vi d&#8217;Alacant era tan alta que gaudia d&#8217;una tremenda demanda a l&#8217;estranger. Per aix\u00f2 quan es va celebrar la Gran Exposici\u00f3 de Londres en 1851, el govern espanyol va elaborar un cat\u00e0leg amb els productes espanyols que assistirien en representaci\u00f3 del pa\u00eds. El Ministeri de Comer\u00e7 va seleccionar tots els productes agr\u00edcoles alacantins: l&#8217;ametla, l&#8217;espart, la barrilla i el m\u00e9s destacat el <a href=\"http:\/\/rua.ua.es\/dspace\/handle\/10045\/9896\">vi fondill\u00f3n<\/a>.<\/p><\/div><\/div><\/div><\/div>\t\t\t\t\t\t\t\t<\/div>\n\t\t\t\t<\/div>\n\t\t\t\t\t<\/div>\n\t\t<\/div>\n\t\t\t\t\t<\/div>\n\t\t<\/section>\n\t\t\t\t<section class=\"elementor-section elementor-top-section elementor-element elementor-element-31687d6d elementor-section-boxed elementor-section-height-default elementor-section-height-default\" data-id=\"31687d6d\" data-element_type=\"section\" data-e-type=\"section\">\n\t\t\t\t\t\t<div class=\"elementor-container elementor-column-gap-default\">\n\t\t\t\t\t<div class=\"elementor-column elementor-col-100 elementor-top-column elementor-element elementor-element-59c4f129\" data-id=\"59c4f129\" data-element_type=\"column\" data-e-type=\"column\">\n\t\t\t<div class=\"elementor-widget-wrap elementor-element-populated\">\n\t\t\t\t\t\t<div class=\"elementor-element elementor-element-3e7e424c elementor-arrows-position-inside elementor-pagination-position-outside elementor-widget elementor-widget-image-carousel\" data-id=\"3e7e424c\" data-element_type=\"widget\" data-e-type=\"widget\" data-settings=\"{&quot;slides_to_show&quot;:&quot;1&quot;,&quot;navigation&quot;:&quot;both&quot;,&quot;autoplay&quot;:&quot;yes&quot;,&quot;pause_on_hover&quot;:&quot;yes&quot;,&quot;pause_on_interaction&quot;:&quot;yes&quot;,&quot;autoplay_speed&quot;:5000,&quot;infinite&quot;:&quot;yes&quot;,&quot;effect&quot;:&quot;slide&quot;,&quot;speed&quot;:500}\" data-widget_type=\"image-carousel.default\">\n\t\t\t\t<div class=\"elementor-widget-container\">\n\t\t\t\t\t\t\t<div class=\"elementor-image-carousel-wrapper swiper\" role=\"region\" aria-roledescription=\"carousel\" aria-label=\"Image Carousel\" dir=\"ltr\">\n\t\t\t<div class=\"elementor-image-carousel swiper-wrapper\" aria-live=\"off\">\n\t\t\t\t\t\t\t\t<div class=\"swiper-slide\" role=\"group\" aria-roledescription=\"slide\" aria-label=\"1 of 5\"><figure class=\"swiper-slide-inner\"><img decoding=\"async\" class=\"swiper-slide-image\" src=\"https:\/\/turismosantjoan.es\/wp-content\/uploads\/2023\/07\/finca-capucho-2.jpeg\" alt=\"finca capucho 2\" \/><\/figure><\/div><div class=\"swiper-slide\" role=\"group\" aria-roledescription=\"slide\" aria-label=\"2 of 5\"><figure class=\"swiper-slide-inner\"><img decoding=\"async\" class=\"swiper-slide-image\" src=\"https:\/\/turismosantjoan.es\/wp-content\/uploads\/2023\/07\/finca-capucho-3.gif\" alt=\"finca capucho 3\" \/><\/figure><\/div><div class=\"swiper-slide\" role=\"group\" aria-roledescription=\"slide\" aria-label=\"3 of 5\"><figure class=\"swiper-slide-inner\"><img decoding=\"async\" class=\"swiper-slide-image\" src=\"https:\/\/turismosantjoan.es\/wp-content\/uploads\/2023\/07\/finca-capucho-1.jpeg\" alt=\"finca-capucho 1\" \/><\/figure><\/div><div class=\"swiper-slide\" role=\"group\" aria-roledescription=\"slide\" aria-label=\"4 of 5\"><figure class=\"swiper-slide-inner\"><img decoding=\"async\" class=\"swiper-slide-image\" src=\"https:\/\/turismosantjoan.es\/wp-content\/uploads\/2023\/07\/fincha-capucho-3.gif\" alt=\"fincha capucho 3\" \/><\/figure><\/div><div class=\"swiper-slide\" role=\"group\" aria-roledescription=\"slide\" aria-label=\"5 of 5\"><figure class=\"swiper-slide-inner\"><img decoding=\"async\" class=\"swiper-slide-image\" src=\"https:\/\/turismosantjoan.es\/wp-content\/uploads\/2023\/07\/caminos-tradicionales-1200x800-1.gif\" alt=\"caminos-tradicionales-1200x800\" \/><\/figure><\/div>\t\t\t<\/div>\n\t\t\t\t\t\t\t\t\t\t\t\t<div class=\"elementor-swiper-button elementor-swiper-button-prev\" role=\"button\" tabindex=\"0\">\n\t\t\t\t\t\t<i aria-hidden=\"true\" class=\"eicon-chevron-left\"><\/i>\t\t\t\t\t<\/div>\n\t\t\t\t\t<div class=\"elementor-swiper-button elementor-swiper-button-next\" role=\"button\" tabindex=\"0\">\n\t\t\t\t\t\t<i aria-hidden=\"true\" class=\"eicon-chevron-right\"><\/i>\t\t\t\t\t<\/div>\n\t\t\t\t\n\t\t\t\t\t\t\t\t\t<div class=\"swiper-pagination\"><\/div>\n\t\t\t\t\t\t\t\t\t<\/div>\n\t\t\t\t\t\t<\/div>\n\t\t\t\t<\/div>\n\t\t\t\t\t<\/div>\n\t\t<\/div>\n\t\t\t\t\t<\/div>\n\t\t<\/section>\n\t\t\t\t<section class=\"elementor-section elementor-top-section elementor-element elementor-element-26039d22 elementor-section-boxed elementor-section-height-default elementor-section-height-default\" data-id=\"26039d22\" data-element_type=\"section\" data-e-type=\"section\">\n\t\t\t\t\t\t<div class=\"elementor-container elementor-column-gap-default\">\n\t\t\t\t\t<div class=\"elementor-column elementor-col-100 elementor-top-column elementor-element elementor-element-11caa7e5\" data-id=\"11caa7e5\" data-element_type=\"column\" data-e-type=\"column\">\n\t\t\t<div class=\"elementor-widget-wrap elementor-element-populated\">\n\t\t\t\t\t\t<div class=\"elementor-element elementor-element-32b00ec2 elementor-widget elementor-widget-heading\" data-id=\"32b00ec2\" data-element_type=\"widget\" data-e-type=\"widget\" data-widget_type=\"heading.default\">\n\t\t\t\t<div class=\"elementor-widget-container\">\n\t\t\t\t\t<h2 class=\"elementor-heading-title elementor-size-default\">Sabies que\u2026?<\/h2>\t\t\t\t<\/div>\n\t\t\t\t<\/div>\n\t\t\t\t<div class=\"elementor-element elementor-element-af17f82 elementor-widget elementor-widget-text-editor\" data-id=\"af17f82\" data-element_type=\"widget\" data-e-type=\"widget\" data-widget_type=\"text-editor.default\">\n\t\t\t\t<div class=\"elementor-widget-container\">\n\t\t\t\t\t\t\t\t\t<p align=\"JUSTIFY\"><strong>L&#8217;III Bar\u00f3 de Finestrat, Sr. Nicol\u00e1s Pasqual del *Pobil i Forner (1692-1771)<\/strong>, es va casar amb la <strong>alacantina Sra. Vicenta Rovira i Salafranca<\/strong> i van tindre 13 fills. Li segueix la l\u00ednia <strong>l&#8217;IV Bar\u00f3, Sr. Francisco Pasqual del Pobil i Rovira<\/strong> qui es va casar a Madrid amb <strong>Mar\u00eda Magdalena Guzm\u00e1n i Soler<\/strong> que tamb\u00e9 van tindre altres 13 fills. La seua filla Sra. Vicenta Pasqual del *Pobil i Guzm\u00e1n, va morir en la hisenda *Capucho i va ser sepultada en la Santa Fa\u00e7.<\/p><p align=\"JUSTIFY\">L&#8217;alacant\u00ed <strong>V Bar\u00f3 de Finestrat<\/strong>, Sr. Jos\u00e9 Mar\u00eda Pascual del Pobil i Guzm\u00e1n (1777-1864) i la seua dona Sra. Esperanza Estell\u00e9s i Cervera, van tindre catorze fills. Viravens en la seua cr\u00f2nica publicada en 1876, cita com a propietaris de la finca Capucho <strong>al fill del Bar\u00f3 Sr. Emilio Pascual del Pobil i Estell\u00e9s (1830-1902)<\/strong> nascut en la finca i el seu cunyat, <strong>Sr. Juan Pasqual de Bonan\u00e7a i Roca de Togores<\/strong>, qui fora alcalde d&#8217;Alacant, casat amb Sra. Mar\u00eda Josefa.<\/p><p align=\"JUSTIFY\">El germ\u00e0 <strong>Sr. Jos\u00e9 Pascual del Pobil i Estell\u00e9s<\/strong> es va casar amb <strong>Sra. Rosa Martos Postestad<\/strong> i van tindre al <strong>VI Bar\u00f3 de Finestrat, Sr. Jos\u00e9 Mar\u00eda Pascual del Pobil i Marcos<\/strong>, qui va ser president del Sindicat de Regs de l&#8217;Horta d&#8217;Alacant fins a 1879.<\/p><p align=\"JUSTIFY\"><strong>Sr. Emilio Pasqual del Pobil i Estell\u00e9s<\/strong>, va ingressar en la Real Armada i va asseure pla\u00e7a en el Col\u00b7legi Naval Militar en 1846. Sent Tinent de Navili va manar el falucho \u00abSant Ferran\u00bb en aig\u00fces de Filipines. Va donar la volta al m\u00f3n en la corbeta \u00abFerrolana\u00bb, sent Comandant de Marina d&#8217;Alacant en 1890. Es va casar en 1a n\u00fapcies amb Elisa Wallace i Dugraise, en 1859, i en segones n\u00fapcies amb la seua cunyada <strong>Sra. Mar\u00eda Luisa Chicheri i Ars\u00fa<\/strong>, en 1866 a la ciutat de Roma.<\/p><p align=\"JUSTIFY\">El fill del segon matrimoni, <strong>Sr. Emilio Pasqual del Pobil i Chicheri<\/strong> es va casar amb <strong>Concepci\u00f3n Sandoval i Bassecourt (1864-1904)<\/strong>. La neta <strong>Sra. Concepci\u00f3n Pascual del Pobil i Sandoval<\/strong> va contraure matrimoni en 1891 amb <strong>Nicol\u00e1s Franco Bahamonde (germ\u00e0 del Cabdill)<\/strong>.<\/p><p align=\"JUSTIFY\">D&#8217;altra banda, Sr. Francisco Pasqual del Pobil i Estell\u00e9s, (1829-1863) es va casar amb Mar\u00eda Luisa Chicheri i Ars\u00fa (1839-1916), en 1862 a Alacant. Tres anys despr\u00e9s de la defunci\u00f3 d&#8217;ell, Mar\u00eda Luisa contrau matrimoni amb el seu cunyat, Sr. Emilio. D&#8217;aquell segon matrimoni, el fill de tots dos va contraure matrimoni amb Sra. Mar\u00eda Victoria Ravello S\u00e1nchez, naixent la que seria la segona esposa del germ\u00e0 del Cabdill, Sr. Nicol\u00e1s, <strong>Sra. Isabel Pascual del Pobil i Ravello<\/strong>.<\/p><p align=\"JUSTIFY\">Es dedueix per tant que la neta de Sra. Mar\u00eda Luisa Chicheri i Ars\u00fa, <strong>Sra. Isabel Pascual del Pobil i Ravello<\/strong>, es casa despr\u00e9s de dos anys de la defunci\u00f3 de la seua altra neta, <strong>Sra. Concepci\u00f3n Pascual del Pobil i Sandoval<\/strong> en 1930, amb el mateix home, l&#8217;Inspector General del Cos d&#8217;Enginyers Navals i Ambaixador d&#8217;Espanya, Sr. Nicol\u00e1s Franco. Per tant, Sr. Nicol\u00e1s va poder gaudir de la finca Capucho des del seu primer matrimoni en 1924 fins a la seua mort en 1977. En el seu llit a Madrid, li van acompanyar al sepeli la seua dona i fill <strong>Sr. Nicol\u00e1s Franco Pascual de Pobil, nebot del general Franco<\/strong> i alguns familiars m\u00e9s, a m\u00e9s d&#8217;un grup d&#8217;alts oficials de l&#8217;Armada.<\/p><p align=\"JUSTIFY\"><a href=\"http:\/\/queaprendemoshoy.com\/don-juan-carlos-y-santiago-carrillo-dos-hombres-obligados-a-entenderse\/\">Sr. Nicol\u00e1s Franco Pascual del Pobil<\/a> va jugar un important paper al final del Franquisme, on va contribuir al primer acostament de Sr. Juan Carlos, nomenat Cap de l&#8217;Estat, perqu\u00e8 era amic seu de la inf\u00e0ncia i alhora era el nebot de Franco amb Sr. Santiago Carrillo, que es trobava exiliat a Fran\u00e7a. Don Joan Carlos sabia que despr\u00e9s de la mort del dictador era necessari un cam\u00ed que condu\u00efra a Espanya a una democr\u00e0cia, per la qual cosa estava intentant contactar amb el l\u00edder comunista i realitzar les primeres converses en pro de la conc\u00f2rdia.<\/p>\t\t\t\t\t\t\t\t<\/div>\n\t\t\t\t<\/div>\n\t\t\t\t\t<\/div>\n\t\t<\/div>\n\t\t\t\t\t<\/div>\n\t\t<\/section>\n\t\t\t\t<\/div>\n\t\t","protected":false},"excerpt":{"rendered":"<p>Finca Capucho Situada en la partida de Fabraquer, al costat del cam\u00ed Reial de la Vila Joiosa. Es t\u00e9 const\u00e0ncia que la finca Capucho existia ja en el segle XVII, per\u00f2 podia haver sigut constru\u00efda anteriorment. Des de llavors ha sigut la residencia hortolana dels senyors Barons de Finestrat. Els vins i sedes collits en [&hellip;]<\/p>\n","protected":false},"author":1,"featured_media":0,"parent":0,"menu_order":0,"comment_status":"closed","ping_status":"closed","template":"","meta":{"footnotes":""},"class_list":["post-7313","page","type-page","status-publish","hentry"],"_links":{"self":[{"href":"https:\/\/turismosantjoan.es\/ca\/wp-json\/wp\/v2\/pages\/7313","targetHints":{"allow":["GET"]}}],"collection":[{"href":"https:\/\/turismosantjoan.es\/ca\/wp-json\/wp\/v2\/pages"}],"about":[{"href":"https:\/\/turismosantjoan.es\/ca\/wp-json\/wp\/v2\/types\/page"}],"author":[{"embeddable":true,"href":"https:\/\/turismosantjoan.es\/ca\/wp-json\/wp\/v2\/users\/1"}],"replies":[{"embeddable":true,"href":"https:\/\/turismosantjoan.es\/ca\/wp-json\/wp\/v2\/comments?post=7313"}],"version-history":[{"count":0,"href":"https:\/\/turismosantjoan.es\/ca\/wp-json\/wp\/v2\/pages\/7313\/revisions"}],"wp:attachment":[{"href":"https:\/\/turismosantjoan.es\/ca\/wp-json\/wp\/v2\/media?parent=7313"}],"curies":[{"name":"wp","href":"https:\/\/api.w.org\/{rel}","templated":true}]}}