{"id":7447,"date":"2023-07-21T10:41:41","date_gmt":"2023-07-21T10:41:41","guid":{"rendered":"https:\/\/turismo-sj.developersasapglobalsolution.com\/torre-bonanca\/"},"modified":"2023-09-20T08:24:36","modified_gmt":"2023-09-20T08:24:36","slug":"torre-bonanca","status":"publish","type":"page","link":"https:\/\/turismosantjoan.es\/ca\/torre-bonanca\/","title":{"rendered":"Torre Bonan\u00e7a"},"content":{"rendered":"\t\t<div data-elementor-type=\"wp-page\" data-elementor-id=\"7447\" class=\"elementor elementor-7447 elementor-2702\" data-elementor-post-type=\"page\">\n\t\t\t\t\t\t<section class=\"elementor-section elementor-top-section elementor-element elementor-element-0010e59 elementor-section-boxed elementor-section-height-default elementor-section-height-default\" data-id=\"0010e59\" data-element_type=\"section\" data-e-type=\"section\" data-settings=\"{&quot;shape_divider_top&quot;:&quot;mountains&quot;,&quot;background_background&quot;:&quot;classic&quot;}\">\n\t\t\t\t\t<div class=\"elementor-shape elementor-shape-top\" aria-hidden=\"true\" data-negative=\"false\">\n\t\t\t<svg xmlns=\"http:\/\/www.w3.org\/2000\/svg\" viewBox=\"0 0 1000 100\" preserveAspectRatio=\"none\">\n\t<path class=\"elementor-shape-fill\" opacity=\"0.33\" d=\"M473,67.3c-203.9,88.3-263.1-34-320.3,0C66,119.1,0,59.7,0,59.7V0h1000v59.7 c0,0-62.1,26.1-94.9,29.3c-32.8,3.3-62.8-12.3-75.8-22.1C806,49.6,745.3,8.7,694.9,4.7S492.4,59,473,67.3z\"\/>\n\t<path class=\"elementor-shape-fill\" opacity=\"0.66\" d=\"M734,67.3c-45.5,0-77.2-23.2-129.1-39.1c-28.6-8.7-150.3-10.1-254,39.1 s-91.7-34.4-149.2,0C115.7,118.3,0,39.8,0,39.8V0h1000v36.5c0,0-28.2-18.5-92.1-18.5C810.2,18.1,775.7,67.3,734,67.3z\"\/>\n\t<path class=\"elementor-shape-fill\" d=\"M766.1,28.9c-200-57.5-266,65.5-395.1,19.5C242,1.8,242,5.4,184.8,20.6C128,35.8,132.3,44.9,89.9,52.5C28.6,63.7,0,0,0,0 h1000c0,0-9.9,40.9-83.6,48.1S829.6,47,766.1,28.9z\"\/>\n<\/svg>\t\t<\/div>\n\t\t\t\t\t<div class=\"elementor-container elementor-column-gap-no\">\n\t\t\t\t\t<div class=\"elementor-column elementor-col-100 elementor-top-column elementor-element elementor-element-438940a\" data-id=\"438940a\" data-element_type=\"column\" data-e-type=\"column\">\n\t\t\t<div class=\"elementor-widget-wrap elementor-element-populated\">\n\t\t\t\t\t\t<div class=\"elementor-element elementor-element-4720a1f elementor-widget elementor-widget-heading\" data-id=\"4720a1f\" data-element_type=\"widget\" data-e-type=\"widget\" data-widget_type=\"heading.default\">\n\t\t\t\t<div class=\"elementor-widget-container\">\n\t\t\t\t\t<h1 class=\"elementor-heading-title elementor-size-xxl\">Torre Bonan\u00e7a<\/h1>\t\t\t\t<\/div>\n\t\t\t\t<\/div>\n\t\t\t\t\t<\/div>\n\t\t<\/div>\n\t\t\t\t\t<\/div>\n\t\t<\/section>\n\t\t\t\t<section class=\"elementor-section elementor-top-section elementor-element elementor-element-b47c2bb elementor-section-boxed elementor-section-height-default elementor-section-height-default\" data-id=\"b47c2bb\" data-element_type=\"section\" data-e-type=\"section\">\n\t\t\t\t\t\t<div class=\"elementor-container elementor-column-gap-default\">\n\t\t\t\t\t<div class=\"elementor-column elementor-col-100 elementor-top-column elementor-element elementor-element-76cca3e\" data-id=\"76cca3e\" data-element_type=\"column\" data-e-type=\"column\">\n\t\t\t<div class=\"elementor-widget-wrap elementor-element-populated\">\n\t\t\t\t\t\t<div class=\"elementor-element elementor-element-2d5a336 elementor-widget elementor-widget-text-editor\" data-id=\"2d5a336\" data-element_type=\"widget\" data-e-type=\"widget\" data-widget_type=\"text-editor.default\">\n\t\t\t\t<div class=\"elementor-widget-container\">\n\t\t\t\t\t\t\t\t\t<p align=\"JUSTIFY\">La torre Bonan\u00e7a segurament formava part del conjunt de torres a c\u00e0rrec de Jer\u00f3nimo Arrufat, oidor del Rei Felip II sobre els assumptes relacionats amb torres defensives de l&#8217;Horta en 1553. Aquesta dada permetria datar l&#8217;obra en el segle XVI. La torre \u00e9s de base quadrada i alamborada, amb disposici\u00f3 prism\u00e0tica i tres altures. Com en la majoria de les ocasions t\u00e9 adossada l&#8217;habitatge en dos de les seues quatre cares.<\/p><p align=\"JUSTIFY\">La <strong>fam\u00edlia Pascual de Bonan\u00e7a<\/strong> pertanyia a l&#8217;extens llinatge de la fam\u00edlia Pascual, procedents de la Vall de Z\u00e1rate en el Senyoriu de Biscaia. Es van assentar a Alacant en temps de la conquesta cristiana. Els Pascual estaven molt vinculat als monarques, especialment al rei Jaume I, amb qui va mantindre estretes relacions. Entre els descendents vinculats a l&#8217;Horta d&#8217;Alacant apareixen diverses branques com els Pobil, de la Ver\u00f3nica o Ibarra. En la branca dels Pascual de Bonan\u00e7a van destacar personalitats com a <strong>Sr. Tom\u00e1s Pascual de Bonan\u00e7a i Mart\u00ednez<\/strong>, il\u00b7lustre militar sobrenomenat \u201cel Major\u201d, que va ser just\u00edcia d&#8217;Alacant entre 1555 i 1556, tamb\u00e9 va ser assistent a les corts de Monts\u00f3. La majoria dels membres de la fam\u00edlia van ocupar c\u00e0rrecs importants a la ciutat i el regne. Molts dels Pascual naixerien a Sant Joan i van ser batejats a la nostra esgl\u00e9sia parroquial. Entre altres, esmentar <strong>Sr. Jos\u00e9 Mariano Jaime Pascual del Pobil i Estell\u00e9s (1819-1852)<\/strong> o <strong>Sr. Luis Pascual del Pobil i Martos (1851-1911)<\/strong>.<\/p><p align=\"JUSTIFY\">Respecte a l&#8217;edificaci\u00f3, l&#8217;estatge ha patit diverses transformacions al llarg de la seua hist\u00f2ria. A mitjan segle XX, la torre va patir algunes actuacions que van alterar la seua morfologia original. Es van arrebossar els seus murs de forma poc afortunada, es van obrir obertures i se li va col\u00b7locar un tejadillo. Per\u00f2 afortunadament una recent intervenci\u00f3 arquitect\u00f2nica va acostar l&#8217;edificaci\u00f3 al seu aspecte original, eliminant la teulada i tractant de recuperar la tonalitat primitiva de la fa\u00e7ana, deixant aflorar el cadirat i part de la ma\u00e7oneria de l&#8217;edifici. La rematada final de la torres es va configurar mitjan\u00e7ant una soluci\u00f3 que recorda la disposici\u00f3 emmerletada de les torres.<\/p><p align=\"JUSTIFY\">La casa est\u00e0 envoltada per diversos horts de c\u00edtrics acompanyats de pins, xiprers, araucarias, garroferes, iuques i palmeres, respectant el car\u00e0cter que podia haver tingut la finca en temps passats. Afortunadament la fam\u00edlia Pascual de Bonan\u00e7a continua habitant aquest estatge, la qual cosa ha perm\u00e9s mantindre el conjunt en un impecable estat de conservaci\u00f3. Si seguim pel cam\u00ed del Seren\u00ed trobarem molt pr\u00f2xima la ve\u00efna <a href=\"https:\/\/www.turismosantjoan.es\/?page_id=99993337\">torre de Salafranca<\/a>.<\/p>\t\t\t\t\t\t\t\t<\/div>\n\t\t\t\t<\/div>\n\t\t\t\t<div class=\"elementor-element elementor-element-03855b6 elementor-arrows-position-inside elementor-pagination-position-outside elementor-widget elementor-widget-image-carousel\" data-id=\"03855b6\" data-element_type=\"widget\" data-e-type=\"widget\" data-settings=\"{&quot;slides_to_show&quot;:&quot;1&quot;,&quot;navigation&quot;:&quot;both&quot;,&quot;autoplay&quot;:&quot;yes&quot;,&quot;pause_on_hover&quot;:&quot;yes&quot;,&quot;pause_on_interaction&quot;:&quot;yes&quot;,&quot;autoplay_speed&quot;:5000,&quot;infinite&quot;:&quot;yes&quot;,&quot;effect&quot;:&quot;slide&quot;,&quot;speed&quot;:500}\" data-widget_type=\"image-carousel.default\">\n\t\t\t\t<div class=\"elementor-widget-container\">\n\t\t\t\t\t\t\t<div class=\"elementor-image-carousel-wrapper swiper\" role=\"region\" aria-roledescription=\"carousel\" aria-label=\"Image Carousel\" dir=\"ltr\">\n\t\t\t<div class=\"elementor-image-carousel swiper-wrapper\" aria-live=\"off\">\n\t\t\t\t\t\t\t\t<div class=\"swiper-slide\" role=\"group\" aria-roledescription=\"slide\" aria-label=\"1 of 5\"><figure class=\"swiper-slide-inner\"><img decoding=\"async\" class=\"swiper-slide-image\" src=\"https:\/\/turismosantjoan.es\/wp-content\/uploads\/2023\/07\/Torre-bonanza-2-1024x683.gif\" alt=\"Torre bonanza 2\" \/><\/figure><\/div><div class=\"swiper-slide\" role=\"group\" aria-roledescription=\"slide\" aria-label=\"2 of 5\"><figure class=\"swiper-slide-inner\"><img decoding=\"async\" class=\"swiper-slide-image\" src=\"https:\/\/turismosantjoan.es\/wp-content\/uploads\/2023\/07\/Torre-bonanza-3-1024x683.gif\" alt=\"Torre bonanza 3\" \/><\/figure><\/div><div class=\"swiper-slide\" role=\"group\" aria-roledescription=\"slide\" aria-label=\"3 of 5\"><figure class=\"swiper-slide-inner\"><img decoding=\"async\" class=\"swiper-slide-image\" src=\"https:\/\/turismosantjoan.es\/wp-content\/uploads\/2023\/07\/Torre-bonanza-1-1024x683.gif\" alt=\"Torre bonanza 1\" \/><\/figure><\/div><div class=\"swiper-slide\" role=\"group\" aria-roledescription=\"slide\" aria-label=\"4 of 5\"><figure class=\"swiper-slide-inner\"><img decoding=\"async\" class=\"swiper-slide-image\" src=\"https:\/\/turismosantjoan.es\/wp-content\/uploads\/2023\/07\/Torre-bonanza-4-1024x683.jpeg\" alt=\"Torre bonanza 4\" \/><\/figure><\/div><div class=\"swiper-slide\" role=\"group\" aria-roledescription=\"slide\" aria-label=\"5 of 5\"><figure class=\"swiper-slide-inner\"><img decoding=\"async\" class=\"swiper-slide-image\" src=\"https:\/\/turismosantjoan.es\/wp-content\/uploads\/2023\/07\/Torre-Bonanza-1024x683.gif\" alt=\"Torre-Bonanza\" \/><\/figure><\/div>\t\t\t<\/div>\n\t\t\t\t\t\t\t\t\t\t\t\t<div class=\"elementor-swiper-button elementor-swiper-button-prev\" role=\"button\" tabindex=\"0\">\n\t\t\t\t\t\t<i aria-hidden=\"true\" class=\"eicon-chevron-left\"><\/i>\t\t\t\t\t<\/div>\n\t\t\t\t\t<div class=\"elementor-swiper-button elementor-swiper-button-next\" role=\"button\" tabindex=\"0\">\n\t\t\t\t\t\t<i aria-hidden=\"true\" class=\"eicon-chevron-right\"><\/i>\t\t\t\t\t<\/div>\n\t\t\t\t\n\t\t\t\t\t\t\t\t\t<div class=\"swiper-pagination\"><\/div>\n\t\t\t\t\t\t\t\t\t<\/div>\n\t\t\t\t\t\t<\/div>\n\t\t\t\t<\/div>\n\t\t\t\t\t<\/div>\n\t\t<\/div>\n\t\t\t\t\t<\/div>\n\t\t<\/section>\n\t\t\t\t<section class=\"elementor-section elementor-top-section elementor-element elementor-element-5902f58 elementor-section-boxed elementor-section-height-default elementor-section-height-default\" data-id=\"5902f58\" data-element_type=\"section\" data-e-type=\"section\">\n\t\t\t\t\t\t<div class=\"elementor-container elementor-column-gap-default\">\n\t\t\t\t\t<div class=\"elementor-column elementor-col-100 elementor-top-column elementor-element elementor-element-247f2b1\" data-id=\"247f2b1\" data-element_type=\"column\" data-e-type=\"column\">\n\t\t\t<div class=\"elementor-widget-wrap elementor-element-populated\">\n\t\t\t\t\t\t<div class=\"elementor-element elementor-element-bb90f54 elementor-widget elementor-widget-heading\" data-id=\"bb90f54\" data-element_type=\"widget\" data-e-type=\"widget\" data-widget_type=\"heading.default\">\n\t\t\t\t<div class=\"elementor-widget-container\">\n\t\t\t\t\t<h2 class=\"elementor-heading-title elementor-size-default\">Sabies que\u2026?<\/h2>\t\t\t\t<\/div>\n\t\t\t\t<\/div>\n\t\t\t\t<div class=\"elementor-element elementor-element-553728e elementor-widget elementor-widget-text-editor\" data-id=\"553728e\" data-element_type=\"widget\" data-e-type=\"widget\" data-widget_type=\"text-editor.default\">\n\t\t\t\t<div class=\"elementor-widget-container\">\n\t\t\t\t\t\t\t\t\t<p align=\"JUSTIFY\">L&#8217;escut d&#8217;aquesta fam\u00edlia presenta un corder errant en camp verd. El corder porta una bandera blanca amb una creu que recorda a la de Montesa. El masteler de la creu es recolza en una font de la qual sale una canella d&#8217;aigua amb una orla d&#8217;or. Vorejant l&#8217;emblema podem llegir escrit en lletres blaves: <em>\u201cSub cuius pede fons vius emanat\u201d<\/em>. Aquest escut posteriorment es va fer m\u00e9s complex, dividint-se en quatre parts. Es repeteixen dos estendards de manera alterna per a conformar les casernes. D&#8217;una banda, s&#8217;usa el blas\u00f3 original amb el corder, per un altre, un emblema amb dos castells i torres d&#8217;or sota una estrela tamb\u00e9 daurada. Curiosament l&#8217;escut de Sant Joan recorda al dels Pascual, ja que en ell apareix el corder portant la creu amb la inscripci\u00f3\u201c<em>Agnus dei<\/em>\u201d, que fa refer\u00e8ncia a Sant Joan Baptista.<\/p><p align=\"JUSTIFY\">Una altra curiositat concerneix a la branca familiar dels Pobil. Durant la segona meitat del segle XVIII <strong>Sr. Juan Pascual de Pobil i Rovira<\/strong> va casar a la seua filla <strong>Sra. Tomasa Pascual de Pobil i Sannazar amb el Comte Lumiares<\/strong>. El matrimoni viuria en la finca anomenada <a href=\"https:\/\/www.turismosantjoan.es\/?page_id=99992914\">La Princesa<\/a>, tamb\u00e9 denominada <strong>El Jard\u00ed del Pr\u00edncep Pius<\/strong>.<\/p><p align=\"JUSTIFY\">Per\u00f2 sens dubte un dels membres m\u00e9s c\u00e8lebres de la fam\u00edlia va ser <strong>Sr. Guillem Pascual de la Ver\u00f3nica<\/strong>, per la seua participaci\u00f3 activa en el miracle de la <a href=\"https:\/\/www.turismosantjoan.es\/?page_id=99995037\">Santa Fa\u00e7<\/a>. El miracle va tindre lloc en un enclavament no gaire lluny\u00e0 a aquesta torre en 1489. Pocs anys abans un sacerdot natural de Sant Joan, D. Moss\u00e9n Pedro Mena, havia portat des de Roma un dels tres suposats plecs del llen\u00e7 amb el qual la Ver\u00f3nica havia netejat el rostre de Crist, en el seu cam\u00ed al G\u00f2lgota a Jerusalem. Despr\u00e9s de guardar-ho en el fons d&#8217;una arca, va observar com miraculosament es desplegava en la part superior d&#8217;aquesta. Pel que sembla aquest fenomen ocorreria en repetides ocasions, per la qual cosa es va decidir exposar-lo a la veneraci\u00f3 i organitzar una rogaci\u00f3 a Alacant.<\/p><p align=\"JUSTIFY\">Aquest tipus d&#8217;actes eren molt comuns en aquella \u00e8poca, fonamentalment per a pregar per la pluja. Compte la tradici\u00f3 que el 17 de mar\u00e7, en passar pel barranc del Juncaret, van brollar ll\u00e0grimes d&#8217;un dels ulls de la rel\u00edquia. Seria llavors quan el mateix Sr. Guillem Pascual va comprovar la veracitat d&#8217;aquestes, descartant que fora una il\u00b7lusi\u00f3. Passat el succ\u00e9s va vindre la pluja, i amb ella es va recon\u00e9ixer el miracle per part de l&#8217;Esgl\u00e9sia. Es va decidir construir en aquell lloc un monestir coincidint amb acci\u00f3 de gr\u00e0cies, que va quedar sota jurisdicci\u00f3 de la parr\u00f2quia de Sant Joan. A partir d&#8217;ac\u00ed, Sr. Guillem Pascual va portar sempre un didal de plata en aquest dit, i va regalar els terrenys per a la construcci\u00f3 del monestir del monestir de la Santa Fa\u00e7, afegint l&#8217;apel\u00b7latiu \u201cde la Ver\u00f3nica\u201d al seu noble cognom Pascual.<\/p>\t\t\t\t\t\t\t\t<\/div>\n\t\t\t\t<\/div>\n\t\t\t\t\t<\/div>\n\t\t<\/div>\n\t\t\t\t\t<\/div>\n\t\t<\/section>\n\t\t\t\t<\/div>\n\t\t","protected":false},"excerpt":{"rendered":"<p>Torre Bonan\u00e7a La torre Bonan\u00e7a segurament formava part del conjunt de torres a c\u00e0rrec de Jer\u00f3nimo Arrufat, oidor del Rei Felip II sobre els assumptes relacionats amb torres defensives de l&#8217;Horta en 1553. Aquesta dada permetria datar l&#8217;obra en el segle XVI. La torre \u00e9s de base quadrada i alamborada, amb disposici\u00f3 prism\u00e0tica i tres [&hellip;]<\/p>\n","protected":false},"author":1,"featured_media":0,"parent":0,"menu_order":0,"comment_status":"closed","ping_status":"closed","template":"","meta":{"footnotes":""},"class_list":["post-7447","page","type-page","status-publish","hentry"],"_links":{"self":[{"href":"https:\/\/turismosantjoan.es\/ca\/wp-json\/wp\/v2\/pages\/7447","targetHints":{"allow":["GET"]}}],"collection":[{"href":"https:\/\/turismosantjoan.es\/ca\/wp-json\/wp\/v2\/pages"}],"about":[{"href":"https:\/\/turismosantjoan.es\/ca\/wp-json\/wp\/v2\/types\/page"}],"author":[{"embeddable":true,"href":"https:\/\/turismosantjoan.es\/ca\/wp-json\/wp\/v2\/users\/1"}],"replies":[{"embeddable":true,"href":"https:\/\/turismosantjoan.es\/ca\/wp-json\/wp\/v2\/comments?post=7447"}],"version-history":[{"count":0,"href":"https:\/\/turismosantjoan.es\/ca\/wp-json\/wp\/v2\/pages\/7447\/revisions"}],"wp:attachment":[{"href":"https:\/\/turismosantjoan.es\/ca\/wp-json\/wp\/v2\/media?parent=7447"}],"curies":[{"name":"wp","href":"https:\/\/api.w.org\/{rel}","templated":true}]}}