{"id":7449,"date":"2023-07-21T10:48:24","date_gmt":"2023-07-21T10:48:24","guid":{"rendered":"https:\/\/turismo-sj.developersasapglobalsolution.com\/torre-la-cadena\/"},"modified":"2023-09-20T08:29:32","modified_gmt":"2023-09-20T08:29:32","slug":"torre-la-cadena","status":"publish","type":"page","link":"https:\/\/turismosantjoan.es\/ca\/torre-la-cadena\/","title":{"rendered":"Torre La Cadena"},"content":{"rendered":"\t\t<div data-elementor-type=\"wp-page\" data-elementor-id=\"7449\" class=\"elementor elementor-7449 elementor-2735\" data-elementor-post-type=\"page\">\n\t\t\t\t\t\t<section class=\"elementor-section elementor-top-section elementor-element elementor-element-b0dfdbe elementor-section-boxed elementor-section-height-default elementor-section-height-default\" data-id=\"b0dfdbe\" data-element_type=\"section\" data-e-type=\"section\" data-settings=\"{&quot;shape_divider_top&quot;:&quot;mountains&quot;,&quot;background_background&quot;:&quot;classic&quot;}\">\n\t\t\t\t\t<div class=\"elementor-shape elementor-shape-top\" aria-hidden=\"true\" data-negative=\"false\">\n\t\t\t<svg xmlns=\"http:\/\/www.w3.org\/2000\/svg\" viewBox=\"0 0 1000 100\" preserveAspectRatio=\"none\">\n\t<path class=\"elementor-shape-fill\" opacity=\"0.33\" d=\"M473,67.3c-203.9,88.3-263.1-34-320.3,0C66,119.1,0,59.7,0,59.7V0h1000v59.7 c0,0-62.1,26.1-94.9,29.3c-32.8,3.3-62.8-12.3-75.8-22.1C806,49.6,745.3,8.7,694.9,4.7S492.4,59,473,67.3z\"\/>\n\t<path class=\"elementor-shape-fill\" opacity=\"0.66\" d=\"M734,67.3c-45.5,0-77.2-23.2-129.1-39.1c-28.6-8.7-150.3-10.1-254,39.1 s-91.7-34.4-149.2,0C115.7,118.3,0,39.8,0,39.8V0h1000v36.5c0,0-28.2-18.5-92.1-18.5C810.2,18.1,775.7,67.3,734,67.3z\"\/>\n\t<path class=\"elementor-shape-fill\" d=\"M766.1,28.9c-200-57.5-266,65.5-395.1,19.5C242,1.8,242,5.4,184.8,20.6C128,35.8,132.3,44.9,89.9,52.5C28.6,63.7,0,0,0,0 h1000c0,0-9.9,40.9-83.6,48.1S829.6,47,766.1,28.9z\"\/>\n<\/svg>\t\t<\/div>\n\t\t\t\t\t<div class=\"elementor-container elementor-column-gap-no\">\n\t\t\t\t\t<div class=\"elementor-column elementor-col-100 elementor-top-column elementor-element elementor-element-75a2f8d\" data-id=\"75a2f8d\" data-element_type=\"column\" data-e-type=\"column\">\n\t\t\t<div class=\"elementor-widget-wrap elementor-element-populated\">\n\t\t\t\t\t\t<div class=\"elementor-element elementor-element-0e2b228 elementor-widget elementor-widget-heading\" data-id=\"0e2b228\" data-element_type=\"widget\" data-e-type=\"widget\" data-widget_type=\"heading.default\">\n\t\t\t\t<div class=\"elementor-widget-container\">\n\t\t\t\t\t<h1 class=\"elementor-heading-title elementor-size-xxl\">Torre La Cadena<\/h1>\t\t\t\t<\/div>\n\t\t\t\t<\/div>\n\t\t\t\t\t<\/div>\n\t\t<\/div>\n\t\t\t\t\t<\/div>\n\t\t<\/section>\n\t\t\t\t<section class=\"elementor-section elementor-top-section elementor-element elementor-element-9140120 elementor-section-boxed elementor-section-height-default elementor-section-height-default\" data-id=\"9140120\" data-element_type=\"section\" data-e-type=\"section\">\n\t\t\t\t\t\t<div class=\"elementor-container elementor-column-gap-default\">\n\t\t\t\t\t<div class=\"elementor-column elementor-col-100 elementor-top-column elementor-element elementor-element-0768495\" data-id=\"0768495\" data-element_type=\"column\" data-e-type=\"column\">\n\t\t\t<div class=\"elementor-widget-wrap elementor-element-populated\">\n\t\t\t\t\t\t<div class=\"elementor-element elementor-element-48f89d0 elementor-widget elementor-widget-text-editor\" data-id=\"48f89d0\" data-element_type=\"widget\" data-e-type=\"widget\" data-widget_type=\"text-editor.default\">\n\t\t\t\t<div class=\"elementor-widget-container\">\n\t\t\t\t\t\t\t\t\t<p>Si observem el l\u00edmit entre l&#8217;Hospital universitari i la carretera encara s\u00f3n visibles les restes d&#8217;aquell cam\u00ed, poblat per xiprers i buganvillas meravelloses. Avan\u00e7ant cap a la Cadena apareix la seua ermita i al costat d&#8217;ella est\u00e0 la torre amb el seu vell rellotge de sol en la fa\u00e7ana. Es tracta d&#8217;una construcci\u00f3 prism\u00e0tica, de base rectangular i plint o regruix de la base, rematada per una motlura. Est\u00e0 constru\u00efda en cadirat a base de murs de c\u00e0rrega travats amb morter de cal\u00e7 i grava. La torre compta amb tres pisos i diverses obertures, ventanucos i dos balcons en el segon pis, a m\u00e9s d&#8217;un semisoterrani. El vell caseriu est\u00e0 adossat a dos de les seues quatre cares. La finca t\u00e9 un segon rellotge de sol no visible des del carrer.<\/p><p>Aproximant-nos al final del condomini trobem un arc de cadirat que servia d&#8217;entrada a la finca. Es tracta d&#8217;una pe\u00e7a molt interessant que va ser despla\u00e7ada del seu empla\u00e7ament original. Antigament era el punt d&#8217;arrancada d&#8217;un recorregut que condu\u00efa fins a l&#8217;habitatge. L&#8217;arcada va estar desmuntada durant diversos anys fins a ser reconstru\u00efda en l&#8217;empla\u00e7ament actual, al costat de la rotonda d&#8217;acc\u00e9s a <a href=\"http:\/\/www.dep17.san.gva.es\/\">l&#8217;Hospital Universitari de Sant Joan d&#8217;Alacant<\/a>. L&#8217;arc va ser durant diverses d\u00e8cades un punt de prove\u00efment d&#8217;aigua per als ve\u00efns de la Santa Fa\u00e7. Aix\u00f2 va ser possible gr\u00e0cies a la instal\u00b7laci\u00f3 d&#8217;una xicoteta aixeta que va tindre lloc en 1938, any en qu\u00e8 es van portar les aig\u00fces potables a Sant Joan.<\/p><p>La construcci\u00f3 de la nova avinguda va suposar la desconnexi\u00f3 entre la finca i els camps adjacents, per\u00f2 aix\u00ed i tot es conserven els horts de la boga sud-est. A m\u00e9s la finca posseeix bells jardins amb parterres, xiprers i pins. A l&#8217;entrada podem observar un drague centenari i un exemplar d&#8217;araucaria tamb\u00e9 centenari, amb una inclinaci\u00f3 del seu tronc tan remarcable com la seua ostensible altura.<\/p>\t\t\t\t\t\t\t\t<\/div>\n\t\t\t\t<\/div>\n\t\t\t\t<div class=\"elementor-element elementor-element-cf94ce8 elementor-arrows-position-inside elementor-pagination-position-outside elementor-widget elementor-widget-image-carousel\" data-id=\"cf94ce8\" data-element_type=\"widget\" data-e-type=\"widget\" data-settings=\"{&quot;slides_to_show&quot;:&quot;1&quot;,&quot;navigation&quot;:&quot;both&quot;,&quot;autoplay&quot;:&quot;yes&quot;,&quot;pause_on_hover&quot;:&quot;yes&quot;,&quot;pause_on_interaction&quot;:&quot;yes&quot;,&quot;autoplay_speed&quot;:5000,&quot;infinite&quot;:&quot;yes&quot;,&quot;effect&quot;:&quot;slide&quot;,&quot;speed&quot;:500}\" data-widget_type=\"image-carousel.default\">\n\t\t\t\t<div class=\"elementor-widget-container\">\n\t\t\t\t\t\t\t<div class=\"elementor-image-carousel-wrapper swiper\" role=\"region\" aria-roledescription=\"carousel\" aria-label=\"Image Carousel\" dir=\"ltr\">\n\t\t\t<div class=\"elementor-image-carousel swiper-wrapper\" aria-live=\"off\">\n\t\t\t\t\t\t\t\t<div class=\"swiper-slide\" role=\"group\" aria-roledescription=\"slide\" aria-label=\"1 of 2\"><figure class=\"swiper-slide-inner\"><img decoding=\"async\" class=\"swiper-slide-image\" src=\"https:\/\/turismosantjoan.es\/wp-content\/uploads\/2023\/07\/torre-la-cadena.jpg\" alt=\"torre-la-cadena\" \/><\/figure><\/div><div class=\"swiper-slide\" role=\"group\" aria-roledescription=\"slide\" aria-label=\"2 of 2\"><figure class=\"swiper-slide-inner\"><img decoding=\"async\" class=\"swiper-slide-image\" src=\"https:\/\/turismosantjoan.es\/wp-content\/uploads\/2023\/07\/72-horas-TORRE-LA-CADENA-1.jpeg\" alt=\"72 horas TORRE-LA-CADENA-1\" \/><\/figure><\/div>\t\t\t<\/div>\n\t\t\t\t\t\t\t\t\t\t\t\t<div class=\"elementor-swiper-button elementor-swiper-button-prev\" role=\"button\" tabindex=\"0\">\n\t\t\t\t\t\t<i aria-hidden=\"true\" class=\"eicon-chevron-left\"><\/i>\t\t\t\t\t<\/div>\n\t\t\t\t\t<div class=\"elementor-swiper-button elementor-swiper-button-next\" role=\"button\" tabindex=\"0\">\n\t\t\t\t\t\t<i aria-hidden=\"true\" class=\"eicon-chevron-right\"><\/i>\t\t\t\t\t<\/div>\n\t\t\t\t\n\t\t\t\t\t\t\t\t\t<div class=\"swiper-pagination\"><\/div>\n\t\t\t\t\t\t\t\t\t<\/div>\n\t\t\t\t\t\t<\/div>\n\t\t\t\t<\/div>\n\t\t\t\t\t<\/div>\n\t\t<\/div>\n\t\t\t\t\t<\/div>\n\t\t<\/section>\n\t\t\t\t<section class=\"elementor-section elementor-top-section elementor-element elementor-element-67aa6c7 elementor-section-boxed elementor-section-height-default elementor-section-height-default\" data-id=\"67aa6c7\" data-element_type=\"section\" data-e-type=\"section\">\n\t\t\t\t\t\t<div class=\"elementor-container elementor-column-gap-default\">\n\t\t\t\t\t<div class=\"elementor-column elementor-col-100 elementor-top-column elementor-element elementor-element-93f6e83\" data-id=\"93f6e83\" data-element_type=\"column\" data-e-type=\"column\">\n\t\t\t<div class=\"elementor-widget-wrap elementor-element-populated\">\n\t\t\t\t\t\t<div class=\"elementor-element elementor-element-e5ecbd1 elementor-widget elementor-widget-heading\" data-id=\"e5ecbd1\" data-element_type=\"widget\" data-e-type=\"widget\" data-widget_type=\"heading.default\">\n\t\t\t\t<div class=\"elementor-widget-container\">\n\t\t\t\t\t<h2 class=\"elementor-heading-title elementor-size-default\">Sabies que\u2026?<\/h2>\t\t\t\t<\/div>\n\t\t\t\t<\/div>\n\t\t\t\t<div class=\"elementor-element elementor-element-e2658b8 elementor-widget elementor-widget-text-editor\" data-id=\"e2658b8\" data-element_type=\"widget\" data-e-type=\"widget\" data-widget_type=\"text-editor.default\">\n\t\t\t\t<div class=\"elementor-widget-container\">\n\t\t\t\t\t\t\t\t\t<div class=\"wpb_text_column wpb_content_element \"><div class=\"wpb_wrapper\"><p align=\"JUSTIFY\">La finca va pert\u00e0nyer a la fam\u00edlia noble dels <strong>Comtes de Casa-Rojas<\/strong>. Aquesta fam\u00edlia procedia de la ciutat de Burgos i va tindre un paper crucial en la conquesta de l&#8217;A el-\u00c1ndalus, assentant-se posteriorment alguns membres del llinatge a Alacant i Val\u00e8ncia. Destaquen importants personalitats pertanyents a la fam\u00edlia, com a D<strong>. Jos\u00e9 Miguel de Rojas i P\u00e9rez de Sarri\u00f3 (1786-1833), III Conde de Casa Rojas<\/strong>, Maestrante de Sevilla i pintor de l&#8217;Acad\u00e8mia de Belles arts de Sant Ferran. Es pot esmentar igualment <strong>Sr. Jos\u00e9 Mar\u00eda de Rojas i Canicia (1819-1895), IV Conde de Casa Rojas<\/strong>, cavaller de Calatrava i Maestrante de Val\u00e8ncia. Entre els nascuts a Sant Joan i batejats a la seua esgl\u00e9sia destaquem <strong>Sr. Rafael de Rojas i Galiano (1852-1936), V Conde de Casa Rojas i marqu\u00e9s d&#8217;Algorfa<\/strong>, que seria posteriorment assassinat al comen\u00e7ament de la Guerra Civil.<\/p><\/div><\/div>\t\t\t\t\t\t\t\t<\/div>\n\t\t\t\t<\/div>\n\t\t\t\t<div class=\"elementor-element elementor-element-b4c44dc elementor-widget elementor-widget-image\" data-id=\"b4c44dc\" data-element_type=\"widget\" data-e-type=\"widget\" data-widget_type=\"image.default\">\n\t\t\t\t<div class=\"elementor-widget-container\">\n\t\t\t\t\t\t\t\t\t\t\t\t\t\t\t<img fetchpriority=\"high\" decoding=\"async\" width=\"800\" height=\"600\" src=\"https:\/\/turismosantjoan.es\/wp-content\/uploads\/2023\/07\/caminos-tradicionales-camino-las-cadenas-800x600-1.jpeg\" class=\"attachment-large size-large wp-image-633\" alt=\"\" srcset=\"https:\/\/turismosantjoan.es\/wp-content\/uploads\/2023\/07\/caminos-tradicionales-camino-las-cadenas-800x600-1.jpeg 800w, https:\/\/turismosantjoan.es\/wp-content\/uploads\/2023\/07\/caminos-tradicionales-camino-las-cadenas-800x600-1-300x225.jpeg 300w, https:\/\/turismosantjoan.es\/wp-content\/uploads\/2023\/07\/caminos-tradicionales-camino-las-cadenas-800x600-1-768x576.jpeg 768w\" sizes=\"(max-width: 800px) 100vw, 800px\" \/>\t\t\t\t\t\t\t\t\t\t\t\t\t\t\t<\/div>\n\t\t\t\t<\/div>\n\t\t\t\t\t<\/div>\n\t\t<\/div>\n\t\t\t\t\t<\/div>\n\t\t<\/section>\n\t\t\t\t<\/div>\n\t\t","protected":false},"excerpt":{"rendered":"<p>Torre La Cadena Si observem el l\u00edmit entre l&#8217;Hospital universitari i la carretera encara s\u00f3n visibles les restes d&#8217;aquell cam\u00ed, poblat per xiprers i buganvillas meravelloses. Avan\u00e7ant cap a la Cadena apareix la seua ermita i al costat d&#8217;ella est\u00e0 la torre amb el seu vell rellotge de sol en la fa\u00e7ana. Es tracta d&#8217;una [&hellip;]<\/p>\n","protected":false},"author":1,"featured_media":0,"parent":0,"menu_order":0,"comment_status":"closed","ping_status":"closed","template":"","meta":{"footnotes":""},"class_list":["post-7449","page","type-page","status-publish","hentry"],"_links":{"self":[{"href":"https:\/\/turismosantjoan.es\/ca\/wp-json\/wp\/v2\/pages\/7449","targetHints":{"allow":["GET"]}}],"collection":[{"href":"https:\/\/turismosantjoan.es\/ca\/wp-json\/wp\/v2\/pages"}],"about":[{"href":"https:\/\/turismosantjoan.es\/ca\/wp-json\/wp\/v2\/types\/page"}],"author":[{"embeddable":true,"href":"https:\/\/turismosantjoan.es\/ca\/wp-json\/wp\/v2\/users\/1"}],"replies":[{"embeddable":true,"href":"https:\/\/turismosantjoan.es\/ca\/wp-json\/wp\/v2\/comments?post=7449"}],"version-history":[{"count":0,"href":"https:\/\/turismosantjoan.es\/ca\/wp-json\/wp\/v2\/pages\/7449\/revisions"}],"wp:attachment":[{"href":"https:\/\/turismosantjoan.es\/ca\/wp-json\/wp\/v2\/media?parent=7449"}],"curies":[{"name":"wp","href":"https:\/\/api.w.org\/{rel}","templated":true}]}}