{"id":7523,"date":"2023-08-03T09:50:38","date_gmt":"2023-08-03T09:50:38","guid":{"rendered":"https:\/\/turismo-sj.developersasapglobalsolution.com\/holy-week\/"},"modified":"2023-09-22T11:53:11","modified_gmt":"2023-09-22T11:53:11","slug":"holy-week","status":"publish","type":"page","link":"https:\/\/turismosantjoan.es\/en\/holy-week\/","title":{"rendered":"Holy Week"},"content":{"rendered":"\t\t<div data-elementor-type=\"wp-page\" data-elementor-id=\"7523\" class=\"elementor elementor-7523 elementor-4074\" data-elementor-post-type=\"page\">\n\t\t\t\t\t\t<section class=\"elementor-section elementor-top-section elementor-element elementor-element-39b8496c elementor-section-boxed elementor-section-height-default elementor-section-height-default\" data-id=\"39b8496c\" data-element_type=\"section\" data-e-type=\"section\" data-settings=\"{&quot;shape_divider_top&quot;:&quot;mountains&quot;,&quot;background_background&quot;:&quot;classic&quot;}\">\n\t\t\t\t\t<div class=\"elementor-shape elementor-shape-top\" aria-hidden=\"true\" data-negative=\"false\">\n\t\t\t<svg xmlns=\"http:\/\/www.w3.org\/2000\/svg\" viewBox=\"0 0 1000 100\" preserveAspectRatio=\"none\">\n\t<path class=\"elementor-shape-fill\" opacity=\"0.33\" d=\"M473,67.3c-203.9,88.3-263.1-34-320.3,0C66,119.1,0,59.7,0,59.7V0h1000v59.7 c0,0-62.1,26.1-94.9,29.3c-32.8,3.3-62.8-12.3-75.8-22.1C806,49.6,745.3,8.7,694.9,4.7S492.4,59,473,67.3z\"\/>\n\t<path class=\"elementor-shape-fill\" opacity=\"0.66\" d=\"M734,67.3c-45.5,0-77.2-23.2-129.1-39.1c-28.6-8.7-150.3-10.1-254,39.1 s-91.7-34.4-149.2,0C115.7,118.3,0,39.8,0,39.8V0h1000v36.5c0,0-28.2-18.5-92.1-18.5C810.2,18.1,775.7,67.3,734,67.3z\"\/>\n\t<path class=\"elementor-shape-fill\" d=\"M766.1,28.9c-200-57.5-266,65.5-395.1,19.5C242,1.8,242,5.4,184.8,20.6C128,35.8,132.3,44.9,89.9,52.5C28.6,63.7,0,0,0,0 h1000c0,0-9.9,40.9-83.6,48.1S829.6,47,766.1,28.9z\"\/>\n<\/svg>\t\t<\/div>\n\t\t\t\t\t<div class=\"elementor-container elementor-column-gap-no\">\n\t\t\t\t\t<div class=\"elementor-column elementor-col-100 elementor-top-column elementor-element elementor-element-23f7cb9f\" data-id=\"23f7cb9f\" data-element_type=\"column\" data-e-type=\"column\">\n\t\t\t<div class=\"elementor-widget-wrap elementor-element-populated\">\n\t\t\t\t\t\t<div class=\"elementor-element elementor-element-42cb7143 elementor-widget elementor-widget-heading\" data-id=\"42cb7143\" data-element_type=\"widget\" data-e-type=\"widget\" data-widget_type=\"heading.default\">\n\t\t\t\t<div class=\"elementor-widget-container\">\n\t\t\t\t\t<h1 class=\"elementor-heading-title elementor-size-xxl\">Holy Week in Sant Joan<\/h1>\t\t\t\t<\/div>\n\t\t\t\t<\/div>\n\t\t\t\t\t<\/div>\n\t\t<\/div>\n\t\t\t\t\t<\/div>\n\t\t<\/section>\n\t\t\t\t<section class=\"elementor-section elementor-top-section elementor-element elementor-element-1a5f6911 elementor-section-boxed elementor-section-height-default elementor-section-height-default\" data-id=\"1a5f6911\" data-element_type=\"section\" data-e-type=\"section\">\n\t\t\t\t\t\t<div class=\"elementor-container elementor-column-gap-default\">\n\t\t\t\t\t<div class=\"elementor-column elementor-col-100 elementor-top-column elementor-element elementor-element-4bdfa981\" data-id=\"4bdfa981\" data-element_type=\"column\" data-e-type=\"column\">\n\t\t\t<div class=\"elementor-widget-wrap elementor-element-populated\">\n\t\t\t\t\t\t<div class=\"elementor-element elementor-element-472fbbfb elementor-widget elementor-widget-text-editor\" data-id=\"472fbbfb\" data-element_type=\"widget\" data-e-type=\"widget\" data-widget_type=\"text-editor.default\">\n\t\t\t\t<div class=\"elementor-widget-container\">\n\t\t\t\t\t\t\t\t\t<div class=\"wpb_text_column wpb_content_element \"><div class=\"wpb_wrapper\"><p align=\"JUSTIFY\">Easter Week in Sant Joan d&#8217;Alacant is one of the oldest known local celebrations, dating back to the 17th century. There are documents that show the popular devotion in the Good Friday Procession to the image of a Christ, probably the Christ of Peace, around 1637. In the 18th century, the existence of the images of Jes\u00c3\u00bas Nazareno and the Sant\u00c3\u00adsima Virgen de la Soledad is confirmed, while in the 19th century there is information about the existence of the Virgen de Los Dolores and the Santo Sepulcro. It was in the 19th century, specifically in 1883, when the master Juan Go\u00f1i composed Los Siete Dolores de la Virgen, a unique polyphonic composition, which the people of Sant Joan have preserved to the present day.<\/p><p align=\"JUSTIFY\">In 1920, the image of Jes\u00c3\u00bas Atado a la Columna (Jesus Tied to the Column) was added. The image of San Juan de la Palma also existed in those years. In the first decades of the 20th century, Holy Week consisted of various liturgical and devotional acts, among which the Canto de los Dolores was sung every day of the Septenario until Friday of Sorrows.<\/p><\/div><\/div>\t\t\t\t\t\t\t\t<\/div>\n\t\t\t\t<\/div>\n\t\t\t\t<section class=\"elementor-section elementor-inner-section elementor-element elementor-element-916f5ae elementor-section-boxed elementor-section-height-default elementor-section-height-default\" data-id=\"916f5ae\" data-element_type=\"section\" data-e-type=\"section\">\n\t\t\t\t\t\t<div class=\"elementor-container elementor-column-gap-default\">\n\t\t\t\t\t<div class=\"elementor-column elementor-col-50 elementor-inner-column elementor-element elementor-element-81fe0cf\" data-id=\"81fe0cf\" data-element_type=\"column\" data-e-type=\"column\">\n\t\t\t<div class=\"elementor-widget-wrap elementor-element-populated\">\n\t\t\t\t\t\t<div class=\"elementor-element elementor-element-3225288 elementor-widget elementor-widget-image\" data-id=\"3225288\" data-element_type=\"widget\" data-e-type=\"widget\" data-widget_type=\"image.default\">\n\t\t\t\t<div class=\"elementor-widget-container\">\n\t\t\t\t\t\t\t\t\t\t\t\t\t\t\t<img fetchpriority=\"high\" decoding=\"async\" width=\"800\" height=\"533\" src=\"https:\/\/turismosantjoan.es\/wp-content\/uploads\/2023\/08\/semana-santa-2-1024x682.jpg\" class=\"attachment-large size-large wp-image-4079\" alt=\"\" srcset=\"https:\/\/turismosantjoan.es\/wp-content\/uploads\/2023\/08\/semana-santa-2-1024x682.jpg 1024w, https:\/\/turismosantjoan.es\/wp-content\/uploads\/2023\/08\/semana-santa-2-300x200.jpg 300w, https:\/\/turismosantjoan.es\/wp-content\/uploads\/2023\/08\/semana-santa-2-768x512.jpg 768w, https:\/\/turismosantjoan.es\/wp-content\/uploads\/2023\/08\/semana-santa-2-1536x1023.jpg 1536w, https:\/\/turismosantjoan.es\/wp-content\/uploads\/2023\/08\/semana-santa-2.jpg 1822w\" sizes=\"(max-width: 800px) 100vw, 800px\" \/>\t\t\t\t\t\t\t\t\t\t\t\t\t\t\t<\/div>\n\t\t\t\t<\/div>\n\t\t\t\t\t<\/div>\n\t\t<\/div>\n\t\t\t\t<div class=\"elementor-column elementor-col-50 elementor-inner-column elementor-element elementor-element-a410ed8\" data-id=\"a410ed8\" data-element_type=\"column\" data-e-type=\"column\">\n\t\t\t<div class=\"elementor-widget-wrap elementor-element-populated\">\n\t\t\t\t\t\t<div class=\"elementor-element elementor-element-4c9e549 elementor-widget elementor-widget-image\" data-id=\"4c9e549\" data-element_type=\"widget\" data-e-type=\"widget\" data-widget_type=\"image.default\">\n\t\t\t\t<div class=\"elementor-widget-container\">\n\t\t\t\t\t\t\t\t\t\t\t\t\t\t\t<img decoding=\"async\" width=\"800\" height=\"534\" src=\"https:\/\/turismosantjoan.es\/wp-content\/uploads\/2023\/08\/semana-santa-2016-sin-mosca-06-1024x683.jpg\" class=\"attachment-large size-large wp-image-4085\" alt=\"\" srcset=\"https:\/\/turismosantjoan.es\/wp-content\/uploads\/2023\/08\/semana-santa-2016-sin-mosca-06-1024x683.jpg 1024w, https:\/\/turismosantjoan.es\/wp-content\/uploads\/2023\/08\/semana-santa-2016-sin-mosca-06-300x200.jpg 300w, https:\/\/turismosantjoan.es\/wp-content\/uploads\/2023\/08\/semana-santa-2016-sin-mosca-06-768x512.jpg 768w, https:\/\/turismosantjoan.es\/wp-content\/uploads\/2023\/08\/semana-santa-2016-sin-mosca-06-1536x1024.jpg 1536w, https:\/\/turismosantjoan.es\/wp-content\/uploads\/2023\/08\/semana-santa-2016-sin-mosca-06-2048x1365.jpg 2048w\" sizes=\"(max-width: 800px) 100vw, 800px\" \/>\t\t\t\t\t\t\t\t\t\t\t\t\t\t\t<\/div>\n\t\t\t\t<\/div>\n\t\t\t\t\t<\/div>\n\t\t<\/div>\n\t\t\t\t\t<\/div>\n\t\t<\/section>\n\t\t\t\t<div class=\"elementor-element elementor-element-d64862a elementor-widget elementor-widget-text-editor\" data-id=\"d64862a\" data-element_type=\"widget\" data-e-type=\"widget\" data-widget_type=\"text-editor.default\">\n\t\t\t\t<div class=\"elementor-widget-container\">\n\t\t\t\t\t\t\t\t\t<div class=\"wpb_text_column wpb_content_element \"><div class=\"wpb_wrapper\"><p align=\"JUSTIFY\">In 1936, almost all the images were destroyed during the Civil War (only the Virgen de la Soledad was saved) and it was in the 1940s when the Parish of San Juan Bautista renovated most of the missing carvings, to which it added new images such as Nuestra Se\u00f1ora de la Caridad (carved at the end of the 18th century).<\/p><p align=\"JUSTIFY\">In the second half of the 20th century, the spirit of relaunching Holy Week was reborn, processions were held again, traditions such as the Canto de los Dolores were revived and more confraternities were formed (Santa Mujer Ver\u00f3nica, in 1992, and Jes\u00fas Atado a la Columna and Nuestra Se\u00f1ora de los Dolores, in 2007).<\/p><p align=\"JUSTIFY\">The creation in 1981 of the Board of Brotherhoods (current Board of Brotherhoods and Brotherhoods of Holy Week of Sant Joan d&#8217;Alacant) was the definitive support to lay the foundations of what today is the Holy Week of Sant Joan d&#8217;Alacant. . In those 80s, with the fundamental support of the parish priest D. Carmelo D\u00e1vila, the Board of Brotherhoods began to operate, with the objective of coordinating and organizing the Holy Week events. Since then, the events and celebrations were reinforced, recovering some old ones such as the song of Los Dolores, which was played again in 1997 and continues to this day.<\/p><p align=\"JUSTIFY\">Precisely, and in homage to D. Carmelo, in March 2015 the Casa de la Semana Santa &#8216;Carmelo D\u00e1vila&#8217; was inaugurated, a municipal building where the Mayor Board keeps, preserves and protects all the religious heritage that the Holy Week of Sant Joan for centuries.<\/p><p align=\"JUSTIFY\">Currently, the Holy Week of Sant Joan d&#8217;Alacant has numerous events and celebrations, both cultural and religious. In the cultural part, the Presentation of the Announcing Book and Poster stands out (which has exceeded 25 editions), the Photography Exhibition of Holy Week in Spain (which is approaching 30 editions), the Photography Contest (which has been held for seven years) and the Holy Week Proclamation.<\/p><\/div><\/div>\t\t\t\t\t\t\t\t<\/div>\n\t\t\t\t<\/div>\n\t\t\t\t<div class=\"elementor-element elementor-element-2b179ad elementor-widget elementor-widget-image\" data-id=\"2b179ad\" data-element_type=\"widget\" data-e-type=\"widget\" data-widget_type=\"image.default\">\n\t\t\t\t<div class=\"elementor-widget-container\">\n\t\t\t\t\t\t\t\t\t\t\t\t\t\t\t<img decoding=\"async\" width=\"800\" height=\"534\" src=\"https:\/\/turismosantjoan.es\/wp-content\/uploads\/2023\/08\/SEMANA-SANTA-1199x800-1-1024x683.jpg\" class=\"attachment-large size-large wp-image-4082\" alt=\"\" srcset=\"https:\/\/turismosantjoan.es\/wp-content\/uploads\/2023\/08\/SEMANA-SANTA-1199x800-1-1024x683.jpg 1024w, https:\/\/turismosantjoan.es\/wp-content\/uploads\/2023\/08\/SEMANA-SANTA-1199x800-1-300x200.jpg 300w, https:\/\/turismosantjoan.es\/wp-content\/uploads\/2023\/08\/SEMANA-SANTA-1199x800-1-768x512.jpg 768w, https:\/\/turismosantjoan.es\/wp-content\/uploads\/2023\/08\/SEMANA-SANTA-1199x800-1.jpg 1199w\" sizes=\"(max-width: 800px) 100vw, 800px\" \/>\t\t\t\t\t\t\t\t\t\t\t\t\t\t\t<\/div>\n\t\t\t\t<\/div>\n\t\t\t\t<div class=\"elementor-element elementor-element-40fc1d6 elementor-widget elementor-widget-text-editor\" data-id=\"40fc1d6\" data-element_type=\"widget\" data-e-type=\"widget\" data-widget_type=\"text-editor.default\">\n\t\t\t\t<div class=\"elementor-widget-container\">\n\t\t\t\t\t\t\t\t\t<div class=\"wpb_text_column wpb_content_element \"><div class=\"wpb_wrapper\"><p align=\"JUSTIFY\">In the liturgical part, the main events begin on <strong>Passion Saturday<\/strong> with the Song of Sorrows. At the end of the ceremony, following tradition, the musicians and singers receive a dozen eggs, and the priests, two dozen. The next day, <strong>Palm Sunday<\/strong>, the procession is celebrated with the image of Jesus Triumphant and the palms and branches are blessed in the Plaza de la Constituci\u00f3n. On <strong>Holy Tuesday<\/strong> the Procession of Silence takes place with the images of Jesus Tied to the Column and the Virgin of Sorrows, in an atmosphere of meditation.<\/p><p align=\"JUSTIFY\">On <strong>Holy Thursday<\/strong> in the afternoon, the Last Supper mass is celebrated and later, the transfer is made to the Monument in the Chapel of Christ, decorated with palms, olive branches and a tapestry. At night a Via Crucis takes place through the town. The <strong>Holy Friday<\/strong> In the afternoon the Services are celebrated in the church, and then the procession of the Holy Burial takes place, in which the images of the Nazarene, the Veronica, the Sorrowful, the Holy Christ of Peace, the Charity, the Holy Sepulcher, participate. a Guiding Cross and Solitude. At the end of the procession, the blessing with the image of the Holy Christ of Peace takes place at the door of the church, just like on September 14.<\/p><p align=\"JUSTIFY\">On <strong>Holy Saturday<\/strong> night the Easter Vigil takes place in the church with the renewal of fire and water, and finally on <strong>Easter Sunday<\/strong> the Procession of the Encounter with the Virgin of Sorrows and the Blessed Sacrament under a canopy is celebrated. At the moment of the Meeting, the bells ring loudly, rockets are launched and hundreds of colorful hallelujahs invade the sky. Then, the black veil that covers the Virgin&#8217;s face is removed as a sign of mourning, which is replaced by a white rose as a symbol of the resurrection. This marks the end of Holy Week. The face of the Virgin is removed as a sign of mourning, which is replaced by a white rose as a symbol of the resurrection.<\/p><\/div><\/div>\t\t\t\t\t\t\t\t<\/div>\n\t\t\t\t<\/div>\n\t\t\t\t\t<\/div>\n\t\t<\/div>\n\t\t\t\t\t<\/div>\n\t\t<\/section>\n\t\t\t\t<section class=\"elementor-section elementor-top-section elementor-element elementor-element-7bcd7e9b elementor-section-boxed elementor-section-height-default elementor-section-height-default\" data-id=\"7bcd7e9b\" data-element_type=\"section\" data-e-type=\"section\">\n\t\t\t\t\t\t<div class=\"elementor-container elementor-column-gap-default\">\n\t\t\t\t\t<div class=\"elementor-column elementor-col-100 elementor-top-column elementor-element elementor-element-685839b3\" data-id=\"685839b3\" data-element_type=\"column\" data-e-type=\"column\">\n\t\t\t<div class=\"elementor-widget-wrap elementor-element-populated\">\n\t\t\t\t\t\t<div class=\"elementor-element elementor-element-5b47ce49 elementor-widget elementor-widget-heading\" data-id=\"5b47ce49\" data-element_type=\"widget\" data-e-type=\"widget\" data-widget_type=\"heading.default\">\n\t\t\t\t<div class=\"elementor-widget-container\">\n\t\t\t\t\t<h2 class=\"elementor-heading-title elementor-size-default\">Did you know that...?<\/h2>\t\t\t\t<\/div>\n\t\t\t\t<\/div>\n\t\t\t\t<div class=\"elementor-element elementor-element-3e099b7 elementor-widget elementor-widget-text-editor\" data-id=\"3e099b7\" data-element_type=\"widget\" data-e-type=\"widget\" data-widget_type=\"text-editor.default\">\n\t\t\t\t<div class=\"elementor-widget-container\">\n\t\t\t\t\t\t\t\t\t<p align=\"JUSTIFY\">At the beginning of the 20th century, <strong>Palm Sunday<\/strong> opened Holy Week with the celebrations of this day. On <strong>Holy Thursday<\/strong>, after the celebration of mass in the morning, the Monument was placed on the main altar of the church. From that moment on, the bells stopped ringing and were replaced by the sounds of the rattle. At night the arrest of Jesus was represented in the Garden of Olives, preparing spaces such as the garden of the La Concepci\u00c3\u00b3n estate for this purpose. After that, they returned to the church, and in front of the monument, a sermon was held. A group of men dressed as Roman soldiers participated in this event, as well as accompanying the procession escorting the image of the Holy Sepulchre.<\/p><p align=\"JUSTIFY\">The next day, <strong>Good Friday<\/strong>, the sermon of the Seven Words and the Offices was celebrated. The church was left in darkness to remember the death of Christ and the priests hit many elements and objects with clubs to create a noise, remembering the storm and earthquake that, according to tradition, followed the death of Christ. At dusk, the Good Friday prayer procession or &#8216;Caraputxos&#8217; was celebrated with the aforementioned images, which started from the church and reached the hermitage of Benimagrell, which was presided over by the Holy Christ of the Peace that, under a canopy, closed the procession accompanied by hundreds of faithful crying out for mercy.<\/p><p align=\"JUSTIFY\">The next day, <strong>Holy or Glory Saturday<\/strong>, in the morning the Resurrection of Christ was celebrated. At ten in the morning with the ringing of bells, the moment was announced, and to celebrate it, people broke plates and ceramic objects, while many men from the field fired their shotguns in order to end the previous silence for the death of Christ. In addition, the water was blessed and everyone came with their jugs and pitchers to collect it.<\/p><p align=\"JUSTIFY\">Finally, on <strong>Easter Sunday<\/strong>, in the morning the Encounter procession was celebrated with the images of the Immaculate Conception and the Blessed Sacrament, which were in the Plaza Maisonnave. Once the procession was over, the day continued like every Sunday, with the usual market.<\/p><p align=\"JUSTIFY\">With the arrival of the Civil War, all the images that existed in the church were destroyed, and with them those that participated in the Holy Week celebrations. This forced new processional carvings to be made once the war was over. The first to be recovered, in March 1940, were those of the Sant\u00edsimo Cristo de la Paz, made by the sculptor Jos\u00e9 Mar\u00eda Ponsoda, and Jes\u00fas Nazareno, the work of Enrique Bellido. Shortly after, those of the Virgin of Sorrows and the Holy Sepulcher arrived. The Virgen de la Soledad, an image from the 19th century, was donated by a family who kept it in their home. Throughout the 20th century, the rest of the additions were made, such as the Virgin of Charity, a small image known as the &#8216;Xicoteta&#8217;, which was kept in a private home. In these years, all the brotherhoods were reorganized and refounded, each one in charge of taking care of its image.<\/p><p align=\"JUSTIFY\">Although during the two decades following the Civil War, the celebrations remained similar to those before the war. In the sixties there were many alterations, especially to the Good Friday procession. Due to pressure from many people who asked that the procession follow the logical order of events that occurred in the Passion, the Holy Christ stopped leaving at the end to do so between the Virgin of Sorrows and Charity, losing the main place of presidency that had since the origins of the procession. Another important event was the construction of the N-332, which demolished part of the Benimagrell neighborhood, making it impossible for the penitential route to reach there.<\/p><p align=\"JUSTIFY\">In 1993, the image of the Holy Woman Veronica was incorporated into the Good Friday procession, using a small image that was in the church until, in 1996, the new carving made by Valent\u00edn Garc\u00eda Quinto was blessed. In the year 2000, the image of Jesus Triumphant was blessed, which participates every year in the Palm Sunday procession. The last addition was the image of Jesus Tied to the Column, in 2009.<\/p>\t\t\t\t\t\t\t\t<\/div>\n\t\t\t\t<\/div>\n\t\t\t\t\t<\/div>\n\t\t<\/div>\n\t\t\t\t\t<\/div>\n\t\t<\/section>\n\t\t\t\t<\/div>\n\t\t","protected":false},"excerpt":{"rendered":"<p>Holy Week in Sant Joan Easter Week in Sant Joan d&#8217;Alacant is one of the oldest known local celebrations, dating back to the 17th century. There are documents that show the popular devotion in the Good Friday Procession to the image of a Christ, probably the Christ of Peace, around 1637. In the 18th century, [&hellip;]<\/p>\n","protected":false},"author":1,"featured_media":0,"parent":0,"menu_order":0,"comment_status":"closed","ping_status":"closed","template":"","meta":{"footnotes":""},"class_list":["post-7523","page","type-page","status-publish","hentry"],"_links":{"self":[{"href":"https:\/\/turismosantjoan.es\/en\/wp-json\/wp\/v2\/pages\/7523","targetHints":{"allow":["GET"]}}],"collection":[{"href":"https:\/\/turismosantjoan.es\/en\/wp-json\/wp\/v2\/pages"}],"about":[{"href":"https:\/\/turismosantjoan.es\/en\/wp-json\/wp\/v2\/types\/page"}],"author":[{"embeddable":true,"href":"https:\/\/turismosantjoan.es\/en\/wp-json\/wp\/v2\/users\/1"}],"replies":[{"embeddable":true,"href":"https:\/\/turismosantjoan.es\/en\/wp-json\/wp\/v2\/comments?post=7523"}],"version-history":[{"count":0,"href":"https:\/\/turismosantjoan.es\/en\/wp-json\/wp\/v2\/pages\/7523\/revisions"}],"wp:attachment":[{"href":"https:\/\/turismosantjoan.es\/en\/wp-json\/wp\/v2\/media?parent=7523"}],"curies":[{"name":"wp","href":"https:\/\/api.w.org\/{rel}","templated":true}]}}